{"id":951,"date":"2013-08-28T10:23:39","date_gmt":"2013-08-28T08:23:39","guid":{"rendered":"http:\/\/centralfilzmoos.at.w013ebd6.kasserver.com\/aktivitaeten\/wander-sommerurlaub\/"},"modified":"2022-03-31T16:43:10","modified_gmt":"2022-03-31T14:43:10","slug":"wander-sommerurlaub","status":"publish","type":"page","link":"https:\/\/www.centralfilzmoos.at\/en\/aktivitaeten\/wander-sommerurlaub\/","title":{"rendered":"Wander- &#038; Bikeurlaub"},"content":{"rendered":"<div class=\"wpb-content-wrapper\"><p>[vc_row][vc_column][vc_column_text]<\/p>\n<h1>Wanderurlaub &amp; Bikeurlaub in Filzmoos im Salzburger Land<\/h1>\n<p>[\/vc_column_text][vc_column_text]<\/p>\n<p>Das \u00e4u\u00dferst beschauliche Filzmoos, auf \u00fcber 1.000 m Seeh\u00f6he gelegen, ist weitum bekannt f\u00fcr seine idyllische, traumhafte Natur. Erleben Sie satte, gr\u00fcne Wiesen, duftende W\u00e4lder, urige Almh\u00fctten mit hausgemachten Schmankerln. Am Fu\u00dfe der Bischofsm\u00fctze und dem imposanten Dachsteinmassiv finden Sie ein wunderbares Pl\u00e4tzchen der Ruhe. Atmen Sie tief durch und genie\u00dfen Sie unser Paradies im Salzburger Land.<\/p>\n<p>[\/vc_column_text][\/vc_column][\/vc_row][vc_row][vc_column][vc_separator][\/vc_column][\/vc_row][vc_row][vc_column width=&#8221;1\/2&#8243;][vc_column_text]<\/p>\n<div>\n<div>\n<div>\n<div>\n<h4>Wandern &amp; Bergsteigen<\/h4>\n<ul>\n<li>Bestens markierte <a href=\"https:\/\/www.centralfilzmoos.at\/wp-content\/uploads\/Karte-Wanderskizze.pdf\" target=\"_blank\" rel=\"noopener\">Wanderwege<\/a> f\u00fcr leichte bis anspruchsvolle Wanderungen<\/li>\n<li>T\u00e4glich <a href=\"http:\/\/www.filzmoos-aktiv.at\/\" target=\"_blank\" rel=\"noopener\">gef\u00fchrte Wanderungen<\/a> rund um Filzmoos<\/li>\n<li>Gro\u00dfberg Sessellift &#8211; im Sommer immer dienstags und donnerstags in Betrieb<\/li>\n<li><a href=\"http:\/\/www.filzmoos-aktiv.at\/klettern.php\" target=\"_blank\" rel=\"noopener\">Klettern<\/a> f\u00fcr Anf\u00e4nger bis K\u00f6nner<\/li>\n<li>Bei\u00a0bewirtschafteten Almh\u00fctten werden selbstgemachte Spezialit\u00e4ten serviert<\/li>\n<li>Wir sind Mitglied der Bergfreund-Betriebe: \u00a03 Professionell gef\u00fchrte Wanderungen mit Filzmoos Aktiv. Als &#8220;Bergfreund-Betrieb&#8221; in Filzmoos sind neben der Willkommenswanderung zwei gef\u00fchrte Wanderungen mit dem Outdoor Center &#8220;Filzmoos Aktiv&#8221; kostenlos!<\/li>\n<\/ul>\n<\/div>\n<\/div>\n<\/div>\n<\/div>\n<p>[\/vc_column_text][\/vc_column][vc_column width=&#8221;1\/2&#8243;][vc_single_image image=&#8221;135411&#8243; img_size=&#8221;large&#8221; onclick=&#8221;img_link_large&#8221;][\/vc_column][\/vc_row][vc_row][vc_column el_class=&#8221;hintergrund2&#8243;][vc_column_text]<strong>Kostenloser Wanderbus<\/strong><\/p>\n<p>Der Wanderbus wird bei Wanderausfl\u00fcgen\u00a0gerne in Anspruch genommen. Dieser verkehrt laufend zwischen Filzmoos, Bachlalm und Neuberg und bringt Sie komfortabel an Ihr Ziel. Die Bushaltestelle befindet sich direkt vor unserem Central Filzmoos.[\/vc_column_text][\/vc_column][\/vc_row][vc_row][vc_column][vc_separator][\/vc_column][\/vc_row][vc_row][vc_column width=&#8221;1\/2&#8243;][vc_single_image image=&#8221;135405&#8243; img_size=&#8221;large&#8221; onclick=&#8221;img_link_large&#8221;][\/vc_column][vc_column width=&#8221;1\/2&#8243;][vc_column_text]<\/p>\n<h4>Mountainbiken &amp; E-Biken<\/h4>\n<ul>\n<li>Bestens beschilderte <a href=\"https:\/\/www.centralfilzmoos.at\/wp-content\/uploads\/mountainbikefolder.pdf\" target=\"_blank\" rel=\"noopener\">Mountainbike-Routen<\/a> in unterschiedlichen Schwierigkeitsgraden<\/li>\n<li>Umweltfreundliches Genussradeln mit E-Bikes,\u00a0Ladestationen f\u00fcr Akkus sind ausreichend vorhanden<\/li>\n<li><a href=\"http:\/\/www.flory.at\/verleih-rad-bike.html\" target=\"_blank\" rel=\"noopener\">E-Bikeverleih<\/a>\u00a0im Nachbarhaus bei Intersport Flory<\/li>\n<li>Gem\u00fctlicher Radausflug mit der Familie am Ennsradweg<\/li>\n<\/ul>\n<p>[\/vc_column_text][\/vc_column][\/vc_row][vc_row][vc_column][vc_separator][\/vc_column][\/vc_row][vc_row][vc_column width=&#8221;1\/2&#8243;][vc_column_text]<\/p>\n<div>\n<div>\n<div>\n<div>\n<h4>Familie &amp; Kinder<\/h4>\n<ul>\n<li>B\u00e4rtl&#8217;s Kinderclub mit Animationsprogramm von Montag bis Freitag<\/li>\n<li>Wandern, Bogenschie\u00dfen, Pferdekutschenfahrten f\u00fcr die ganze Familie<\/li>\n<li>Der <a href=\"http:\/\/www.rittisberg.at\/\" target=\"_blank\" rel=\"noopener\">Erlebnis Rittisberg<\/a> &#8211; nur 10 Autominuten entfernt<\/li>\n<li>Am <a href=\"http:\/\/www.wagraini.info\/de\/wagrainis_grafenberg\/wagrainis_grafenberg\/natur_und_bergerlebniswelt.html\" target=\"_blank\" rel=\"noopener\">Wagraini&#8217;s Grafenberg<\/a> gibt es viel zu erleben<\/li>\n<li>Der <a href=\"http:\/\/www.geisterberg.at\/de\/sommer\/geisterberg.html\" target=\"_blank\" rel=\"noopener\">Geisterberg<\/a> in St. Johann &#8211; Alpendorf bedeutet Spa\u00df und Abenteuer f\u00fcr Gro\u00df und Klein<\/li>\n<\/ul>\n<\/div>\n<\/div>\n<\/div>\n<\/div>\n<p>[\/vc_column_text][\/vc_column][vc_column width=&#8221;1\/2&#8243;][vc_single_image image=&#8221;135409&#8243; img_size=&#8221;large&#8221; onclick=&#8221;img_link_large&#8221;][\/vc_column][\/vc_row][vc_row][vc_column][vc_separator][\/vc_column][\/vc_row][vc_row][vc_column width=&#8221;1\/2&#8243;][vc_single_image image=&#8221;1463&#8243; img_size=&#8221;full&#8221; img_link_large=&#8221;yes&#8221;][\/vc_column][vc_column width=&#8221;1\/2&#8243;][vc_column_text]<\/p>\n<div>\n<div>\n<div>\n<div>\n<h4>Schwimmen &amp; Golfen<\/h4>\n<ul>\n<li>Kostenloser Eintritt in den <a title=\"Freizeitpark Filzmoos\" href=\"https:\/\/www.centralfilzmoos.at\/aktivitaeten\/freizeitpark-filzmoos\/\">Freizeitpark Filzmoos<\/a> mit Frei- und Hallenbad, Sauna<\/li>\n<li><a href=\"http:\/\/www.eben.at\/erlebnisbadesee.html\" target=\"_blank\" rel=\"noopener\">Erlebnisbadesee Eben<\/a> mit gro\u00dfer Wasserrutsche, Spielplatz, u.v.m.<\/li>\n<li><a href=\"http:\/\/www.thermeamade.at\/\" target=\"_blank\" rel=\"noopener\">Therme Amad\u00e9<\/a> in Altenmarkt im Pongau mit\u00a0Wellenbecken, Sportbecken, Kinderbecken, Sauna und Loopingrutsche<\/li>\n<li><a href=\"http:\/\/www.radstadtgolf.at\/\" target=\"_blank\" rel=\"noopener\">Golfplatz Radstadt<\/a> &#8211; 18-Loch Meisterschaftsplatz, 9-Loch-Kompaktplatz inkl. Driving Range und\u00a0Golf-Gondelbahn<\/li>\n<\/ul>\n<\/div>\n<\/div>\n<\/div>\n<\/div>\n<p>[\/vc_column_text][\/vc_column][\/vc_row][vc_row][vc_column][vc_separator][\/vc_column][\/vc_row][vc_row][vc_column width=&#8221;1\/2&#8243;][vc_column_text]<\/p>\n<div>\n<div>\n<div>\n<div>\n<h4>Bogenschie\u00dfen, Tennis\u2026<\/h4>\n<ul>\n<li><strong>3D-Bogenschie\u00dfen<\/strong> im Hotel Neubergerhof<\/li>\n<li><strong>2<\/strong> <strong>Tennis-Sandpl\u00e4tze<\/strong> k\u00f6nnen bespielt werden<\/li>\n<li><strong>Ponyreiten<\/strong> und <strong>Reiten<\/strong> <strong>auf Pferden<\/strong> &#8211; gef\u00fchrte Ausritte<\/li>\n<li><strong>Pferdekutschenfahrten <\/strong>in die romantische Bergwelt<\/li>\n<li>Segway-Tours, Raften, \u2026<\/li>\n<\/ul>\n<\/div>\n<\/div>\n<\/div>\n<\/div>\n<p>[\/vc_column_text][\/vc_column][vc_column width=&#8221;1\/2&#8243;][vc_single_image image=&#8221;1464&#8243; img_size=&#8221;full&#8221; img_link_large=&#8221;yes&#8221;][\/vc_column][\/vc_row][vc_row][vc_column][vc_column_text]<\/p>\n\n\t\t<style type=\"text\/css\">\n\t\t\t#gallery-1 {\n\t\t\t\tmargin: auto;\n\t\t\t}\n\t\t\t#gallery-1 .gallery-item {\n\t\t\t\tfloat: left;\n\t\t\t\tmargin-top: 10px;\n\t\t\t\ttext-align: center;\n\t\t\t\twidth: 20%;\n\t\t\t}\n\t\t\t#gallery-1 img {\n\t\t\t\tborder: 2px solid #cfcfcf;\n\t\t\t}\n\t\t\t#gallery-1 .gallery-caption {\n\t\t\t\tmargin-left: 0;\n\t\t\t}\n\t\t\t\/* see gallery_shortcode() in wp-includes\/media.php *\/\n\t\t<\/style>\n\t\t<div id='gallery-1' class='gallery galleryid-951 gallery-columns-5 gallery-size-thumbnail'><dl class='gallery-item'>\n\t\t\t<dt class='gallery-icon landscape'>\n\t\t\t\t<a href='https:\/\/www.centralfilzmoos.at\/wp-content\/uploads\/wanderurlaub-filzmoos-2.jpg'><img decoding=\"async\" width=\"175\" height=\"175\" src=\"https:\/\/www.centralfilzmoos.at\/wp-content\/uploads\/wanderurlaub-filzmoos-2-175x175.jpg\" class=\"attachment-thumbnail size-thumbnail\" alt=\"Wanderurlaub in Filzmoos\" \/><\/a>\n\t\t\t<\/dt><\/dl><dl class='gallery-item'>\n\t\t\t<dt class='gallery-icon landscape'>\n\t\t\t\t<a href='https:\/\/www.centralfilzmoos.at\/wp-content\/uploads\/wanderurlaub-filzmoos-3.jpg'><img decoding=\"async\" width=\"175\" height=\"175\" src=\"https:\/\/www.centralfilzmoos.at\/wp-content\/uploads\/wanderurlaub-filzmoos-3-175x175.jpg\" class=\"attachment-thumbnail size-thumbnail\" alt=\"Wanderurlaub in Filzmoos\" \/><\/a>\n\t\t\t<\/dt><\/dl><dl class='gallery-item'>\n\t\t\t<dt class='gallery-icon landscape'>\n\t\t\t\t<a href='https:\/\/www.centralfilzmoos.at\/wp-content\/uploads\/wanderurlaub-filzmoos-4-1.jpg'><img decoding=\"async\" width=\"175\" height=\"175\" src=\"https:\/\/www.centralfilzmoos.at\/wp-content\/uploads\/wanderurlaub-filzmoos-4-1-175x175.jpg\" class=\"attachment-thumbnail size-thumbnail\" alt=\"Wanderurlaub in Filzmoos\" \/><\/a>\n\t\t\t<\/dt><\/dl><dl class='gallery-item'>\n\t\t\t<dt class='gallery-icon landscape'>\n\t\t\t\t<a href='https:\/\/www.centralfilzmoos.at\/wp-content\/uploads\/wanderurlaub-filzmoos-5.jpg'><img decoding=\"async\" width=\"175\" height=\"175\" src=\"https:\/\/www.centralfilzmoos.at\/wp-content\/uploads\/wanderurlaub-filzmoos-5-175x175.jpg\" class=\"attachment-thumbnail size-thumbnail\" alt=\"Wanderurlaub in Filzmoos\" \/><\/a>\n\t\t\t<\/dt><\/dl>\n\t\t\t<br style='clear: both' \/>\n\t\t<\/div>\n\n<p>[\/vc_column_text][\/vc_column][\/vc_row][vc_row][vc_column width=&#8221;1\/3&#8243; el_class=&#8221;button3&#8243;][vc_column_text]<\/p>\n<p><a class=\"btn btn-block\" title=\"Ausflugsziele\" href=\"https:\/\/www.centralfilzmoos.at\/aktivitaeten\/ausflugsziele\/\">Ausflugsziele<\/a><\/p>\n<p>[\/vc_column_text][\/vc_column][vc_column width=&#8221;1\/3&#8243; el_class=&#8221;button3&#8243;][vc_column_text]<\/p>\n<p><a class=\"btn btn-block\" title=\"Veranstaltungskalender\" href=\"https:\/\/www.centralfilzmoos.at\/aktivitaeten\/veranstaltungskalender\/\">Veranstaltungen<\/a><\/p>\n<p>[\/vc_column_text][\/vc_column][vc_column width=&#8221;1\/3&#8243; el_class=&#8221;button3&#8243;][vc_column_text] <a class=\"btn btn-block\" title=\"Anfrageformular\" href=\"https:\/\/www.centralfilzmoos.at\/buchungsanfragen\/anfrageformular\/\">Unverbindlich anfragen<\/a> [\/vc_column_text][\/vc_column][\/vc_row]<\/p>\n<\/div>","protected":false},"excerpt":{"rendered":"<p>[vc_row][vc_column][vc_column_text] Wanderurlaub &amp; Bikeurlaub in Filzmoos im Salzburger Land [\/vc_column_text][vc_column_text] Das \u00e4u\u00dferst beschauliche Filzmoos, auf \u00fcber 1.000 m Seeh\u00f6he gelegen, ist weitum bekannt f\u00fcr seine idyllische, traumhafte Natur. Erleben Sie satte, gr\u00fcne Wiesen, duftende W\u00e4lder, urige Almh\u00fctten mit hausgemachten Schmankerln.<span class=\"ellipsis\">&hellip;<\/span> <a href=\"https:\/\/www.centralfilzmoos.at\/en\/aktivitaeten\/wander-sommerurlaub\/\"><\/p>\n<div class=\"read-more\">Read more &#8250;<\/div>\n<p><\/a><\/p>\n","protected":false},"author":4,"featured_media":135407,"parent":950,"menu_order":0,"comment_status":"closed","ping_status":"closed","template":"","meta":{"_acf_changed":false,"rs_blank_template":"","rs_page_bg_color":"","slide_template_v7":"","footnotes":""},"class_list":["post-951","page","type-page","status-publish","has-post-thumbnail","hentry"],"acf":[],"yoast_head":"<!-- This site is optimized with the Yoast SEO plugin v27.5 - https:\/\/yoast.com\/product\/yoast-seo-wordpress\/ -->\n<title>Wander- &amp; Sommerurlaub im Central Filzmoos - Salzburger Land<\/title>\n<meta name=\"description\" content=\"F\u00fcr Ihren Sommerurlaub in Filzmoos gibt es eine Vielzahl an Angeboten: Wandern, Bergsteigen, Mountainbiken, Schwimmen &amp; Golfen, Bogenschie\u00dfen, Tennis\u2026\" \/>\n<meta name=\"robots\" content=\"index, follow, max-snippet:-1, max-image-preview:large, max-video-preview:-1\" \/>\n<link rel=\"canonical\" href=\"https:\/\/www.centralfilzmoos.at\/en\/aktivitaeten\/wander-sommerurlaub\/\" \/>\n<meta property=\"og:locale\" content=\"en_US\" \/>\n<meta property=\"og:type\" content=\"article\" \/>\n<meta property=\"og:title\" content=\"Wander- &amp; Sommerurlaub im Central Filzmoos - Salzburger Land\" \/>\n<meta property=\"og:description\" content=\"F\u00fcr Ihren Sommerurlaub in Filzmoos gibt es eine Vielzahl an Angeboten: Wandern, Bergsteigen, Mountainbiken, Schwimmen &amp; Golfen, Bogenschie\u00dfen, Tennis\u2026\" \/>\n<meta property=\"og:url\" content=\"https:\/\/www.centralfilzmoos.at\/en\/aktivitaeten\/wander-sommerurlaub\/\" \/>\n<meta property=\"og:site_name\" content=\"Central Filzmoos\" \/>\n<meta property=\"article:modified_time\" content=\"2022-03-31T14:43:10+00:00\" \/>\n<meta property=\"og:image\" content=\"https:\/\/www.centralfilzmoos.at\/wp-content\/uploads\/familie-wanderurlaub-filzmoos-1.jpg\" \/>\n\t<meta property=\"og:image:width\" content=\"2000\" \/>\n\t<meta property=\"og:image:height\" content=\"1250\" \/>\n\t<meta property=\"og:image:type\" content=\"image\/jpeg\" \/>\n<meta name=\"twitter:label1\" content=\"Est. reading time\" \/>\n\t<meta name=\"twitter:data1\" content=\"2 minutes\" \/>\n<script type=\"application\/ld+json\" class=\"yoast-schema-graph\">{\"@context\":\"https:\\\/\\\/schema.org\",\"@graph\":[{\"@type\":\"WebPage\",\"@id\":\"https:\\\/\\\/www.centralfilzmoos.at\\\/en\\\/aktivitaeten\\\/wander-sommerurlaub\\\/\",\"url\":\"https:\\\/\\\/www.centralfilzmoos.at\\\/en\\\/aktivitaeten\\\/wander-sommerurlaub\\\/\",\"name\":\"Wander- & Sommerurlaub im Central Filzmoos - Salzburger Land\",\"isPartOf\":{\"@id\":\"https:\\\/\\\/www.centralfilzmoos.at\\\/#website\"},\"primaryImageOfPage\":{\"@id\":\"https:\\\/\\\/www.centralfilzmoos.at\\\/en\\\/aktivitaeten\\\/wander-sommerurlaub\\\/#primaryimage\"},\"image\":{\"@id\":\"https:\\\/\\\/www.centralfilzmoos.at\\\/en\\\/aktivitaeten\\\/wander-sommerurlaub\\\/#primaryimage\"},\"thumbnailUrl\":\"https:\\\/\\\/www.centralfilzmoos.at\\\/wp-content\\\/uploads\\\/familie-wanderurlaub-filzmoos-1.jpg\",\"datePublished\":\"2013-08-28T08:23:39+00:00\",\"dateModified\":\"2022-03-31T14:43:10+00:00\",\"description\":\"F\u00fcr Ihren Sommerurlaub in Filzmoos gibt es eine Vielzahl an Angeboten: Wandern, Bergsteigen, Mountainbiken, Schwimmen & Golfen, Bogenschie\u00dfen, Tennis\u2026\",\"breadcrumb\":{\"@id\":\"https:\\\/\\\/www.centralfilzmoos.at\\\/en\\\/aktivitaeten\\\/wander-sommerurlaub\\\/#breadcrumb\"},\"inLanguage\":\"en-US\",\"potentialAction\":[{\"@type\":\"ReadAction\",\"target\":[\"https:\\\/\\\/www.centralfilzmoos.at\\\/en\\\/aktivitaeten\\\/wander-sommerurlaub\\\/\"]}]},{\"@type\":\"ImageObject\",\"inLanguage\":\"en-US\",\"@id\":\"https:\\\/\\\/www.centralfilzmoos.at\\\/en\\\/aktivitaeten\\\/wander-sommerurlaub\\\/#primaryimage\",\"url\":\"https:\\\/\\\/www.centralfilzmoos.at\\\/wp-content\\\/uploads\\\/familie-wanderurlaub-filzmoos-1.jpg\",\"contentUrl\":\"https:\\\/\\\/www.centralfilzmoos.at\\\/wp-content\\\/uploads\\\/familie-wanderurlaub-filzmoos-1.jpg\",\"width\":2000,\"height\":1250,\"caption\":\"Wanderurlaub in Filzmoos\"},{\"@type\":\"BreadcrumbList\",\"@id\":\"https:\\\/\\\/www.centralfilzmoos.at\\\/en\\\/aktivitaeten\\\/wander-sommerurlaub\\\/#breadcrumb\",\"itemListElement\":[{\"@type\":\"ListItem\",\"position\":1,\"name\":\"Home\",\"item\":\"https:\\\/\\\/www.centralfilzmoos.at\\\/en\\\/\"},{\"@type\":\"ListItem\",\"position\":2,\"name\":\"Activities\",\"item\":\"https:\\\/\\\/www.centralfilzmoos.at\\\/en\\\/aktivitaeten\\\/\"},{\"@type\":\"ListItem\",\"position\":3,\"name\":\"Wander- &#038; Bikeurlaub\"}]},{\"@type\":\"WebSite\",\"@id\":\"https:\\\/\\\/www.centralfilzmoos.at\\\/#website\",\"url\":\"https:\\\/\\\/www.centralfilzmoos.at\\\/\",\"name\":\"Central Filzmoos\",\"description\":\"Eine weitere WordPress-Seite\",\"potentialAction\":[{\"@type\":\"SearchAction\",\"target\":{\"@type\":\"EntryPoint\",\"urlTemplate\":\"https:\\\/\\\/www.centralfilzmoos.at\\\/?s={search_term_string}\"},\"query-input\":{\"@type\":\"PropertyValueSpecification\",\"valueRequired\":true,\"valueName\":\"search_term_string\"}}],\"inLanguage\":\"en-US\"}]}<\/script>\n<!-- \/ Yoast SEO plugin. -->","yoast_head_json":{"title":"Wander- & Sommerurlaub im Central Filzmoos - Salzburger Land","description":"F\u00fcr Ihren Sommerurlaub in Filzmoos gibt es eine Vielzahl an Angeboten: Wandern, Bergsteigen, Mountainbiken, Schwimmen & Golfen, Bogenschie\u00dfen, Tennis\u2026","robots":{"index":"index","follow":"follow","max-snippet":"max-snippet:-1","max-image-preview":"max-image-preview:large","max-video-preview":"max-video-preview:-1"},"canonical":"https:\/\/www.centralfilzmoos.at\/en\/aktivitaeten\/wander-sommerurlaub\/","og_locale":"en_US","og_type":"article","og_title":"Wander- & Sommerurlaub im Central Filzmoos - Salzburger Land","og_description":"F\u00fcr Ihren Sommerurlaub in Filzmoos gibt es eine Vielzahl an Angeboten: Wandern, Bergsteigen, Mountainbiken, Schwimmen & Golfen, Bogenschie\u00dfen, Tennis\u2026","og_url":"https:\/\/www.centralfilzmoos.at\/en\/aktivitaeten\/wander-sommerurlaub\/","og_site_name":"Central Filzmoos","article_modified_time":"2022-03-31T14:43:10+00:00","og_image":[{"width":2000,"height":1250,"url":"https:\/\/www.centralfilzmoos.at\/wp-content\/uploads\/familie-wanderurlaub-filzmoos-1.jpg","type":"image\/jpeg"}],"twitter_misc":{"Est. reading time":"2 minutes"},"schema":{"@context":"https:\/\/schema.org","@graph":[{"@type":"WebPage","@id":"https:\/\/www.centralfilzmoos.at\/en\/aktivitaeten\/wander-sommerurlaub\/","url":"https:\/\/www.centralfilzmoos.at\/en\/aktivitaeten\/wander-sommerurlaub\/","name":"Wander- & Sommerurlaub im Central Filzmoos - Salzburger Land","isPartOf":{"@id":"https:\/\/www.centralfilzmoos.at\/#website"},"primaryImageOfPage":{"@id":"https:\/\/www.centralfilzmoos.at\/en\/aktivitaeten\/wander-sommerurlaub\/#primaryimage"},"image":{"@id":"https:\/\/www.centralfilzmoos.at\/en\/aktivitaeten\/wander-sommerurlaub\/#primaryimage"},"thumbnailUrl":"https:\/\/www.centralfilzmoos.at\/wp-content\/uploads\/familie-wanderurlaub-filzmoos-1.jpg","datePublished":"2013-08-28T08:23:39+00:00","dateModified":"2022-03-31T14:43:10+00:00","description":"F\u00fcr Ihren Sommerurlaub in Filzmoos gibt es eine Vielzahl an Angeboten: Wandern, Bergsteigen, Mountainbiken, Schwimmen & Golfen, Bogenschie\u00dfen, Tennis\u2026","breadcrumb":{"@id":"https:\/\/www.centralfilzmoos.at\/en\/aktivitaeten\/wander-sommerurlaub\/#breadcrumb"},"inLanguage":"en-US","potentialAction":[{"@type":"ReadAction","target":["https:\/\/www.centralfilzmoos.at\/en\/aktivitaeten\/wander-sommerurlaub\/"]}]},{"@type":"ImageObject","inLanguage":"en-US","@id":"https:\/\/www.centralfilzmoos.at\/en\/aktivitaeten\/wander-sommerurlaub\/#primaryimage","url":"https:\/\/www.centralfilzmoos.at\/wp-content\/uploads\/familie-wanderurlaub-filzmoos-1.jpg","contentUrl":"https:\/\/www.centralfilzmoos.at\/wp-content\/uploads\/familie-wanderurlaub-filzmoos-1.jpg","width":2000,"height":1250,"caption":"Wanderurlaub in Filzmoos"},{"@type":"BreadcrumbList","@id":"https:\/\/www.centralfilzmoos.at\/en\/aktivitaeten\/wander-sommerurlaub\/#breadcrumb","itemListElement":[{"@type":"ListItem","position":1,"name":"Home","item":"https:\/\/www.centralfilzmoos.at\/en\/"},{"@type":"ListItem","position":2,"name":"Activities","item":"https:\/\/www.centralfilzmoos.at\/en\/aktivitaeten\/"},{"@type":"ListItem","position":3,"name":"Wander- &#038; Bikeurlaub"}]},{"@type":"WebSite","@id":"https:\/\/www.centralfilzmoos.at\/#website","url":"https:\/\/www.centralfilzmoos.at\/","name":"Central Filzmoos","description":"Eine weitere WordPress-Seite","potentialAction":[{"@type":"SearchAction","target":{"@type":"EntryPoint","urlTemplate":"https:\/\/www.centralfilzmoos.at\/?s={search_term_string}"},"query-input":{"@type":"PropertyValueSpecification","valueRequired":true,"valueName":"search_term_string"}}],"inLanguage":"en-US"}]}},"_links":{"self":[{"href":"https:\/\/www.centralfilzmoos.at\/en\/wp-json\/wp\/v2\/pages\/951","targetHints":{"allow":["GET"]}}],"collection":[{"href":"https:\/\/www.centralfilzmoos.at\/en\/wp-json\/wp\/v2\/pages"}],"about":[{"href":"https:\/\/www.centralfilzmoos.at\/en\/wp-json\/wp\/v2\/types\/page"}],"author":[{"embeddable":true,"href":"https:\/\/www.centralfilzmoos.at\/en\/wp-json\/wp\/v2\/users\/4"}],"replies":[{"embeddable":true,"href":"https:\/\/www.centralfilzmoos.at\/en\/wp-json\/wp\/v2\/comments?post=951"}],"version-history":[{"count":5,"href":"https:\/\/www.centralfilzmoos.at\/en\/wp-json\/wp\/v2\/pages\/951\/revisions"}],"predecessor-version":[{"id":135471,"href":"https:\/\/www.centralfilzmoos.at\/en\/wp-json\/wp\/v2\/pages\/951\/revisions\/135471"}],"up":[{"embeddable":true,"href":"https:\/\/www.centralfilzmoos.at\/en\/wp-json\/wp\/v2\/pages\/950"}],"wp:featuredmedia":[{"embeddable":true,"href":"https:\/\/www.centralfilzmoos.at\/en\/wp-json\/wp\/v2\/media\/135407"}],"wp:attachment":[{"href":"https:\/\/www.centralfilzmoos.at\/en\/wp-json\/wp\/v2\/media?parent=951"}],"curies":[{"name":"wp","href":"https:\/\/api.w.org\/{rel}","templated":true}]}}